{"id":27,"date":"2024-12-27T16:02:27","date_gmt":"2024-12-27T16:02:27","guid":{"rendered":"https:\/\/www.r-fest.cz\/?page_id=27"},"modified":"2025-02-03T12:33:58","modified_gmt":"2025-02-03T12:33:58","slug":"o-nas","status":"publish","type":"page","link":"https:\/\/www.r-fest.cz\/index.php\/o-nas\/","title":{"rendered":"O festivalu"},"content":{"rendered":"<div style=\"height:31px\" aria-hidden=\"true\" class=\"wp-block-spacer\"><\/div><div class=\"wp-block-group alignfull has-background-background-color has-background is-layout-constrained wp-container-core-group-is-layout-6b6a06ca wp-block-group-is-layout-constrained\" style=\"margin-top:0;margin-bottom:0;padding-top:var(--wp--preset--spacing--60);padding-right:var(--wp--preset--spacing--30);padding-bottom:var(--wp--preset--spacing--60);padding-left:var(--wp--preset--spacing--30)\"><div class=\"wp-block-group alignwide is-content-justification-left is-layout-constrained wp-container-core-group-is-layout-17dd1b49 wp-block-group-is-layout-constrained\"><h2 class=\"wp-block-heading has-poppins-font-family\" style=\"font-size:43px\">Nejsme jen dal\u0161\u00ed v nekone\u010dn\u00e9 \u0159ad\u011b festival\u016f!<\/h2>\n\n<p style=\"margin-top:16px\">Deset \u00fasp\u011b\u0161n\u00fdch ro\u010dn\u00edk\u016f happeningu dokazuje, \u017ee tahle akce je n\u011bco v\u00edc, ne\u017e jen oby\u010dejn\u00e9 setk\u00e1n\u00ed u hudebn\u00edho programu.<\/p><\/div>\n\n<div class=\"wp-block-columns alignwide is-layout-flex wp-container-core-columns-is-layout-5b525043 wp-block-columns-is-layout-flex\"><div class=\"wp-block-column is-content-justification-center is-layout-constrained wp-block-column-is-layout-constrained\"><figure class=\"wp-block-gallery has-nested-images columns-default is-cropped wp-block-gallery-2 is-layout-flex wp-block-gallery-is-layout-flex\"><figure class=\"wp-block-image size-large ext-aspect-landscape wp-duotone-varpresetduotoneprimary-foreground-1\"><img loading=\"lazy\" decoding=\"async\" width=\"1024\" height=\"820\" data-id=\"205\" src=\"https:\/\/www.r-fest.cz\/wp-content\/uploads\/2025\/01\/IMG_7429-e1736027730161-1024x820.jpeg\" alt=\"\" class=\"wp-image-205\" style=\"object-fit:cover\" srcset=\"https:\/\/www.r-fest.cz\/wp-content\/uploads\/2025\/01\/IMG_7429-e1736027730161-1024x820.jpeg 1024w, https:\/\/www.r-fest.cz\/wp-content\/uploads\/2025\/01\/IMG_7429-e1736027730161-300x240.jpeg 300w, https:\/\/www.r-fest.cz\/wp-content\/uploads\/2025\/01\/IMG_7429-e1736027730161-768x615.jpeg 768w, https:\/\/www.r-fest.cz\/wp-content\/uploads\/2025\/01\/IMG_7429-e1736027730161.jpeg 1280w\" sizes=\"auto, (max-width: 1024px) 100vw, 1024px\" \/><\/figure><\/figure>\n\n<h3 class=\"wp-block-heading\" style=\"margin-top:24px;font-size:31px;line-height:1.5\">Rodiny s d\u011btmi<\/h3>\n\n<p class=\"has-small-font-size\" style=\"margin-top:8px\">Na tuhle akci nemus\u00edte \u0159e\u0161it hl\u00edd\u00e1n\u00ed. Bezpe\u010dn\u00e9 prost\u0159ed\u00ed, mal\u00fd are\u00e1l, spousta p\u0159irozen\u00e9ho vy\u017eit\u00ed pro nejmen\u0161\u00ed v p\u0159ilehl\u00e9m lese nebo u pozorov\u00e1n\u00ed hospod\u00e1\u0159sk\u00fdch zv\u00ed\u0159at a bohat\u00fd d\u011btsk\u00fd program. O to je ur\u010dit\u011b nechcete ochudit. <\/p><\/div>\n\n<div class=\"wp-block-column is-layout-flow wp-block-column-is-layout-flow\"><figure class=\"wp-block-gallery has-nested-images columns-default is-cropped wp-block-gallery-4 is-layout-flex wp-block-gallery-is-layout-flex\"><figure class=\"wp-block-image size-large ext-aspect-landscape wp-duotone-varpresetduotoneprimary-foreground-3\"><img loading=\"lazy\" decoding=\"async\" width=\"1024\" height=\"820\" data-id=\"206\" src=\"https:\/\/www.r-fest.cz\/wp-content\/uploads\/2025\/01\/IMG_8788-scaled-e1736027764677-1024x820.jpeg\" alt=\"\" class=\"wp-image-206\" style=\"object-fit:cover\" srcset=\"https:\/\/www.r-fest.cz\/wp-content\/uploads\/2025\/01\/IMG_8788-scaled-e1736027764677-1024x820.jpeg 1024w, https:\/\/www.r-fest.cz\/wp-content\/uploads\/2025\/01\/IMG_8788-scaled-e1736027764677-300x240.jpeg 300w, https:\/\/www.r-fest.cz\/wp-content\/uploads\/2025\/01\/IMG_8788-scaled-e1736027764677-768x615.jpeg 768w, https:\/\/www.r-fest.cz\/wp-content\/uploads\/2025\/01\/IMG_8788-scaled-e1736027764677.jpeg 1532w\" sizes=\"auto, (max-width: 1024px) 100vw, 1024px\" \/><\/figure><\/figure>\n\n<h3 class=\"wp-block-heading\" style=\"margin-top:24px;font-size:31px;line-height:1.5\">Zv\u00ed\u0159ata<\/h3>\n\n<p class=\"has-small-font-size\" style=\"margin-top:8px\">Pokud je v\u00e1\u0161 \u010dty\u0159noh\u00fd kamar\u00e1d p\u0159\u00e1telsk\u00e9 povahy a nem\u00e1 probl\u00e9m s hudbou, pob\u00edhaj\u00edc\u00edmi d\u011btmi a dal\u0161\u00edmi potenci\u00e1ln\u00edmi zv\u00ed\u0159ec\u00edmi par\u0165\u00e1ky, r\u00e1di ho u n\u00e1s uv\u00edt\u00e1me. <\/p><\/div>\n\n<div class=\"wp-block-column is-layout-flow wp-block-column-is-layout-flow\"><figure class=\"wp-block-gallery has-nested-images columns-default is-cropped wp-block-gallery-6 is-layout-flex wp-block-gallery-is-layout-flex\"><figure class=\"wp-block-image size-large ext-aspect-landscape wp-duotone-varpresetduotoneprimary-foreground-5\"><img loading=\"lazy\" decoding=\"async\" width=\"1024\" height=\"819\" data-id=\"210\" src=\"https:\/\/www.r-fest.cz\/wp-content\/uploads\/2025\/01\/DSC_0869-scaled-e1736028028814-1024x819.jpeg\" alt=\"\" class=\"wp-image-210\" style=\"object-fit:cover\" srcset=\"https:\/\/www.r-fest.cz\/wp-content\/uploads\/2025\/01\/DSC_0869-scaled-e1736028028814-1024x819.jpeg 1024w, https:\/\/www.r-fest.cz\/wp-content\/uploads\/2025\/01\/DSC_0869-scaled-e1736028028814-300x240.jpeg 300w, https:\/\/www.r-fest.cz\/wp-content\/uploads\/2025\/01\/DSC_0869-scaled-e1736028028814-768x615.jpeg 768w, https:\/\/www.r-fest.cz\/wp-content\/uploads\/2025\/01\/DSC_0869-scaled-e1736028028814-1536x1229.jpeg 1536w, https:\/\/www.r-fest.cz\/wp-content\/uploads\/2025\/01\/DSC_0869-scaled-e1736028028814.jpeg 2047w\" sizes=\"auto, (max-width: 1024px) 100vw, 1024px\" \/><\/figure><\/figure>\n\n<h3 class=\"wp-block-heading\" style=\"margin-top:24px;font-size:31px;line-height:1.5\">P\u0159\u00e1telsk\u00e9 prost\u0159ed\u00ed<\/h3>\n\n<p class=\"has-small-font-size\" style=\"margin-top:8px\">Chcete se c\u00edt\u00edt jako u kamar\u00e1da na velk\u00e9 zahradn\u00ed party, zn\u00e1t obsluhu na baru jm\u00e9nem a po koncert\u011b si pokecat s kapelou? Tak jste tu rozhodn\u011b spr\u00e1vn\u011b! <\/p><\/div><\/div><\/div><div class=\"wp-block-group is-content-justification-center is-nowrap is-layout-flex wp-container-core-group-is-layout-23441af8 wp-block-group-is-layout-flex\"><h2 class=\"wp-block-heading\" style=\"font-size:33px\">Kde n\u00e1s najdete?<\/h2><\/div><div class=\"wp-block-group is-content-justification-center is-nowrap is-layout-flex wp-container-core-group-is-layout-23441af8 wp-block-group-is-layout-flex\"><iframe src=\"https:\/\/www.google.com\/maps\/embed?pb=!1m17!1m12!1m3!1d1263.9831062696117!2d14.32039547050893!3d50.805225997442626!2m3!1f0!2f0!3f0!3m2!1i1024!2i768!4f13.1!3m2!1m1!2zNTDCsDQ4JzE4LjgiTiAxNMKwMTknMTYuMiJF!5e1!3m2!1scs!2scz!4v1736025835756!5m2!1scs!2scz\" width=\"600\" height=\"450\" style=\"border:0;\" allowfullscreen=\"\" loading=\"lazy\" referrerpolicy=\"no-referrer-when-downgrade\"><\/iframe><\/div><div style=\"height:30px\" aria-hidden=\"true\" class=\"wp-block-spacer\"><\/div><div class=\"wp-block-group alignfull has-background-background-color has-background is-layout-constrained wp-container-core-group-is-layout-4f81b2d7 wp-block-group-is-layout-constrained\" style=\"margin-top:0;margin-bottom:0;padding-top:var(--wp--preset--spacing--30);padding-right:var(--wp--preset--spacing--30);padding-bottom:var(--wp--preset--spacing--30);padding-left:var(--wp--preset--spacing--30)\"><h2 class=\"wp-block-heading has-text-align-center has-large-font-size\">Chcete b\u00fdt letos u toho?<\/h2>\n\n<p class=\"has-text-align-center\" style=\"margin-top:16px\">Po\u0159i\u010fte si vstupenky za nejv\u00fdhodn\u011bj\u0161\u00ed cenu!<\/p>\n\n<div class=\"wp-block-buttons is-content-justification-center is-layout-flex wp-container-core-buttons-is-layout-720bcce9 wp-block-buttons-is-layout-flex\"><div class=\"wp-block-button has-custom-font-size\" style=\"font-size:20px;font-style:normal;font-weight:600\"><a class=\"wp-block-button__link wp-element-button\" href=\"https:\/\/www.r-fest.cz\/index.php\/obchod\/\">Vstupenky<\/a><\/div><\/div>\n\n<div style=\"height:29px\" aria-hidden=\"true\" class=\"wp-block-spacer\"><\/div><\/div><div class=\"wp-block-group alignfull has-background-background-color has-background is-layout-constrained wp-container-core-group-is-layout-ad686aca wp-block-group-is-layout-constrained\" style=\"margin-top:0;margin-bottom:0;padding-top:var(--wp--preset--spacing--60);padding-right:var(--wp--preset--spacing--30);padding-bottom:var(--wp--preset--spacing--60);padding-left:var(--wp--preset--spacing--30)\"><div class=\"wp-block-columns alignwide are-vertically-aligned-center is-layout-flex wp-container-core-columns-is-layout-47c06fe3 wp-block-columns-is-layout-flex\"><div class=\"wp-block-column is-vertically-aligned-center is-layout-flow wp-block-column-is-layout-flow\" style=\"flex-basis:60%\"><h2 class=\"wp-block-heading has-text-align-left has-large-font-size\">Jak to za\u010dalo aneb vyrobit ze stodoly p\u00f3dium<\/h2>\n\n<p style=\"margin-top:16px\">Kdy\u017e jsme v roce 2014 dorazili s rodinou  k Ros\u0165ovi na jednu z v\u00edkendov\u00fdch n\u00e1v\u0161t\u011bv jeho roubenky uprost\u0159ed pol\u00ed a les\u016f, pochlubil se n\u00e1m pr\u00e1v\u011b dokon\u010denou stavbou obrovsk\u00e9 stodoly na zem\u011bd\u011blskou techniku <\/p>\n\n<p style=\"margin-top:16px\">Jak jsme tam spolu st\u00e1li se skleni\u010dkou a kochali se t\u00edm prostorem, napadlo n\u00e1s, \u017ee si vylo\u017een\u011b \u0159\u00edk\u00e1 o uspo\u0159\u00e1d\u00e1n\u00ed n\u011bjak\u00e9 jam session nebo se\u0161losti pro p\u00e1r kamar\u00e1d\u016f. A kupodivu nez\u016fstalo jen u ve\u010dern\u00edho fantaz\u00edrov\u00e1n\u00ed u ohn\u011b, ale n\u00e1pad p\u0159e\u017eil a\u017e do r\u00e1na. <\/p>\n\n<p style=\"margin-top:16px\">A tak jsme se rozhodli pozvat neju\u017e\u0161\u00ed okruh k\u00e1mo\u0161\u016f s&nbsp;jejich rodinami a uspo\u0159\u00e1dat pro n\u011b n\u011bkolik koncert\u016f. Proto\u017ee u\u017e v\u011bt\u0161ina z nich m\u011bla rodiny, p\u0159i\u0161lo n\u00e1m logick\u00e9 k tomu p\u0159ipojit i d\u011btsk\u00fd program a ud\u011blat pro n\u011b alespo\u0148 men\u0161\u00ed bojovku a p\u00e1r sportovn\u00edch discipl\u00edn. Nakonec se uk\u00e1zalo, \u017ee m\u00e1me kamar\u00e1d\u016f celkem hodn\u011b, proto\u017ee na akci p\u0159ijelo 40-50 kamar\u00e1d\u016f + jejich rodiny. A proto\u017ee to byla poveden\u00e1 akce, ud\u011blali jsme ji n\u00e1sleduj\u00edc\u00ed rok znovu. A p\u0159ijelo o p\u00e1r lid\u00ed v\u00edc. A dal\u0161\u00ed rok zase. <\/p>\n\n<p style=\"margin-top:16px\">A tak jsme za\u010dali budovat kvalitn\u011bj\u0161\u00ed z\u00e1zem\u00ed nejen pro n\u00e1v\u0161t\u011bvn\u00edky, ale i pro kapely a vstupuj\u00edc\u00ed um\u011blce. Profesion\u00e1ln\u00ed zvuk, aparatura, stage, bar, catering atd. Z mal\u00e9 bojovky se stal R-man, pro mnoh\u00e9 highlight cel\u00e9 akce a do po\u0159\u00e1d\u00e1n\u00ed cel\u00e9ho v\u00edkendu se za\u010dalo zapojovat st\u00e1le v\u011bt\u0161\u00ed mno\u017estv\u00ed dobrovoln\u00edk\u016f. Dneska u\u017e je R-fest plnohodnotnou akc\u00ed s ve\u0161ker\u00fdm komfortem, jak\u00fd si m\u016f\u017ee festivalov\u00fd n\u00e1v\u0161t\u011bvn\u00edk p\u0159\u00e1t. Ale p\u016fvodn\u00ed duch mu z\u016fst\u00e1v\u00e1 a po\u0159\u00e1d je to ta nejp\u0159\u00e1tel\u0161t\u011bj\u0161\u00ed akce \u0161iroko daleko, kterou m\u016f\u017eete v l\u00e9t\u011b nav\u0161t\u00edvit. <\/p>\n\n<p>Perli\u010dka na z\u00e1v\u011br &#8211; prvn\u00ed ro\u010dn\u00edky nesly podle majitele pozemku a legend\u00e1rn\u00ed stodoly n\u00e1zev Ros\u0165afest. Proto\u017ee to ale ne\u0161lo dohromady s jeho vrozenou skromnost\u00ed, vydupal si zkr\u00e1cen\u00ed n\u00e1zvu na R-fest. <\/p><\/div>\n\n<div class=\"wp-block-column is-vertically-aligned-center is-layout-flow wp-container-core-column-is-layout-f5bb311e wp-block-column-is-layout-flow\" style=\"flex-basis:50%\"><figure class=\"wp-block-image size-large\"><img loading=\"lazy\" decoding=\"async\" width=\"1024\" height=\"683\" src=\"https:\/\/www.r-fest.cz\/wp-content\/uploads\/2025\/01\/IMG_7435-1024x683.jpeg\" alt=\"\" class=\"wp-image-345\" style=\"aspect-ratio:4\/3;object-fit:cover\" srcset=\"https:\/\/www.r-fest.cz\/wp-content\/uploads\/2025\/01\/IMG_7435-1024x683.jpeg 1024w, https:\/\/www.r-fest.cz\/wp-content\/uploads\/2025\/01\/IMG_7435-300x200.jpeg 300w, https:\/\/www.r-fest.cz\/wp-content\/uploads\/2025\/01\/IMG_7435-768x512.jpeg 768w, https:\/\/www.r-fest.cz\/wp-content\/uploads\/2025\/01\/IMG_7435-1536x1024.jpeg 1536w, https:\/\/www.r-fest.cz\/wp-content\/uploads\/2025\/01\/IMG_7435-600x400.jpeg 600w, https:\/\/www.r-fest.cz\/wp-content\/uploads\/2025\/01\/IMG_7435.jpeg 1875w\" sizes=\"auto, (max-width: 1024px) 100vw, 1024px\" \/><\/figure><\/div><\/div><\/div><div style=\"height:30px\" aria-hidden=\"true\" class=\"wp-block-spacer\"><\/div><div class=\"wp-block-group alignfull has-background-background-color has-background is-layout-constrained wp-container-core-group-is-layout-f20d964e wp-block-group-is-layout-constrained\" style=\"margin-top:0;margin-bottom:0;padding-top:var(--wp--preset--spacing--40);padding-right:var(--wp--preset--spacing--30);padding-bottom:var(--wp--preset--spacing--40);padding-left:var(--wp--preset--spacing--30)\"><div class=\"wp-block-group alignwide is-content-justification-left is-layout-constrained wp-container-core-group-is-layout-8b4c372c wp-block-group-is-layout-constrained\"><h2 class=\"wp-block-heading has-large-font-size\">Kdo u\u017e u n\u00e1s byl?<\/h2>\n\n<p style=\"margin-top:16px\">R-fest je p\u0159edev\u0161\u00edm komunita lid\u00ed, kte\u0159\u00ed k n\u00e1m jezd\u00ed opakovan\u011b. Na tom si zakl\u00e1d\u00e1me a d\u011bl\u00e1me v\u0161echno pro to, aby se n\u00e1v\u0161t\u011bvn\u00edk\u016fm u n\u00e1s st\u00e1le l\u00edbilo. M\u00e1me rekordmany, kte\u0159\u00ed nevynechali \u017e\u00e1dn\u00fd ro\u010dn\u00edk, ale ka\u017ed\u00fd rok p\u0159iv\u00edt\u00e1me na akci i spoustu nov\u00e1\u010dk\u016f. <\/p><\/div>\n\n<div class=\"wp-block-columns alignwide is-layout-flex wp-container-core-columns-is-layout-28f84493 wp-block-columns-is-layout-flex\"><div class=\"wp-block-column has-background-background-color has-background is-layout-flow wp-block-column-is-layout-flow\"><div class=\"wp-block-group has-primary-color has-background-background-color has-text-color has-background has-link-color wp-elements-6b8ce4fb02b902afda9eb2dcd4c51657 is-layout-constrained wp-container-core-group-is-layout-dcab7923 wp-block-group-is-layout-constrained\" style=\"margin-top:var(--wp--preset--spacing--20);margin-bottom:var(--wp--preset--spacing--20);padding-top:var(--wp--preset--spacing--20);padding-right:34px;padding-bottom:var(--wp--preset--spacing--20);padding-left:34px\"><p><em>&#8222;A\u0165 v\u00e1m vydr\u017e\u00ed nad\u0161en\u00ed i ta neuv\u011b\u0159iteln\u00e1 p\u00edle, se kterou to d\u011bl\u00e1te.&#8220;<\/em><\/p>\n\n<div style=\"height:10px\" aria-hidden=\"true\" class=\"wp-block-spacer\"><\/div>\n\n<div class=\"wp-block-group is-nowrap is-layout-flex wp-container-core-group-is-layout-3b4e9d3e wp-block-group-is-layout-flex\"><figure class=\"wp-block-gallery aligncenter has-nested-images columns-default wp-block-gallery-7 wp-container-content-962be591 is-layout-flex wp-block-gallery-is-layout-flex\"><figure class=\"wp-block-image alignleft size-thumbnail has-custom-border is-style-rounded\" style=\"margin-top:0;margin-right:0;margin-bottom:0;margin-left:0\"><img loading=\"lazy\" decoding=\"async\" width=\"150\" height=\"150\" data-id=\"314\" src=\"https:\/\/www.r-fest.cz\/wp-content\/uploads\/2025\/01\/2-2-150x150.png\" alt=\"\" class=\"wp-image-314\" style=\"border-width:2px;border-radius:100px;aspect-ratio:1;object-fit:cover\" srcset=\"https:\/\/www.r-fest.cz\/wp-content\/uploads\/2025\/01\/2-2-150x150.png 150w, https:\/\/www.r-fest.cz\/wp-content\/uploads\/2025\/01\/2-2-300x300.png 300w, https:\/\/www.r-fest.cz\/wp-content\/uploads\/2025\/01\/2-2-1024x1024.png 1024w, https:\/\/www.r-fest.cz\/wp-content\/uploads\/2025\/01\/2-2-768x768.png 768w, https:\/\/www.r-fest.cz\/wp-content\/uploads\/2025\/01\/2-2-600x600.png 600w, https:\/\/www.r-fest.cz\/wp-content\/uploads\/2025\/01\/2-2-100x100.png 100w, https:\/\/www.r-fest.cz\/wp-content\/uploads\/2025\/01\/2-2.png 1080w\" sizes=\"auto, (max-width: 150px) 100vw, 150px\" \/><\/figure><\/figure>\n\n<div class=\"wp-block-group is-layout-constrained wp-block-group-is-layout-constrained\"><h4 class=\"wp-block-heading has-text-align-left has-small-font-size\">Petr<\/h4>\n\n<p class=\"has-text-align-left has-small-font-size\" style=\"margin-top:2px\"><\/p><\/div><\/div><\/div><\/div>\n\n<div class=\"wp-block-column has-background-background-color has-background is-layout-flow wp-block-column-is-layout-flow\"><div class=\"wp-block-group has-primary-color has-background-background-color has-text-color has-background has-link-color wp-elements-e9ca622fd4ffc553996d6e4d97427e6a is-layout-constrained wp-container-core-group-is-layout-782aab77 wp-block-group-is-layout-constrained\" style=\"margin-top:var(--wp--preset--spacing--20);margin-bottom:var(--wp--preset--spacing--20);padding-top:var(--wp--preset--spacing--20);padding-right:34px;padding-bottom:var(--wp--preset--spacing--20);padding-left:34px\"><p><em>&#8222;Za Goldhof\u00e1ky super a velk\u00e1 poklona organiz\u00e1tor\u016fm \ud83d\udc4a\ud83d\udc4d&#8220;<\/em><\/p>\n\n<div style=\"height:1px\" aria-hidden=\"true\" class=\"wp-block-spacer\"><\/div>\n\n<div class=\"wp-block-group is-nowrap is-layout-flex wp-container-core-group-is-layout-3b4e9d3e wp-block-group-is-layout-flex\"><figure class=\"wp-block-gallery aligncenter has-nested-images columns-default has-background-background-color has-background wp-block-gallery-8 wp-container-content-962be591 is-layout-flex wp-block-gallery-is-layout-flex\"><figure class=\"wp-block-image alignleft size-thumbnail has-custom-border is-style-default\"><img loading=\"lazy\" decoding=\"async\" width=\"150\" height=\"150\" data-id=\"314\" src=\"https:\/\/www.r-fest.cz\/wp-content\/uploads\/2025\/01\/2-2-150x150.png\" alt=\"\" class=\"wp-image-314\" style=\"border-width:2px;border-radius:100px;aspect-ratio:1;object-fit:cover\" srcset=\"https:\/\/www.r-fest.cz\/wp-content\/uploads\/2025\/01\/2-2-150x150.png 150w, https:\/\/www.r-fest.cz\/wp-content\/uploads\/2025\/01\/2-2-300x300.png 300w, https:\/\/www.r-fest.cz\/wp-content\/uploads\/2025\/01\/2-2-1024x1024.png 1024w, https:\/\/www.r-fest.cz\/wp-content\/uploads\/2025\/01\/2-2-768x768.png 768w, https:\/\/www.r-fest.cz\/wp-content\/uploads\/2025\/01\/2-2-600x600.png 600w, https:\/\/www.r-fest.cz\/wp-content\/uploads\/2025\/01\/2-2-100x100.png 100w, https:\/\/www.r-fest.cz\/wp-content\/uploads\/2025\/01\/2-2.png 1080w\" sizes=\"auto, (max-width: 150px) 100vw, 150px\" \/><\/figure><\/figure>\n\n<div class=\"wp-block-group is-layout-constrained wp-block-group-is-layout-constrained\"><h4 class=\"wp-block-heading has-text-align-left has-small-font-size\">Goldhof\u00e1ci<\/h4>\n\n<p class=\"has-text-align-left has-small-font-size\" style=\"margin-top:2px\"><\/p><\/div><\/div><\/div><\/div>\n\n<div class=\"wp-block-column has-background-background-color has-background is-layout-flow wp-block-column-is-layout-flow\"><div class=\"wp-block-group has-primary-color has-background-background-color has-text-color has-background has-link-color wp-elements-e62fa5d53026f7ff49884a056b1eb0a9 is-layout-constrained wp-container-core-group-is-layout-dcab7923 wp-block-group-is-layout-constrained\" style=\"margin-top:var(--wp--preset--spacing--20);margin-bottom:var(--wp--preset--spacing--20);padding-top:var(--wp--preset--spacing--20);padding-right:34px;padding-bottom:var(--wp--preset--spacing--20);padding-left:34px\"><p><em>&#8222;Je mi s v\u00e1mi fajn. D\u011bkuju za tak pohodovou akci. U\u017e te\u010f se t\u011b\u0161\u00edm na p\u0159\u00ed\u0161t\u00ed rok!&#8220;<\/em><\/p>\n\n<div style=\"height:10px\" aria-hidden=\"true\" class=\"wp-block-spacer\"><\/div>\n\n<div class=\"wp-block-group is-nowrap is-layout-flex wp-container-core-group-is-layout-3b4e9d3e wp-block-group-is-layout-flex\"><figure class=\"wp-block-gallery aligncenter has-nested-images columns-default wp-block-gallery-9 wp-container-content-962be591 is-layout-flex wp-block-gallery-is-layout-flex\"><figure class=\"wp-block-image alignleft size-thumbnail has-custom-border is-style-default\"><img loading=\"lazy\" decoding=\"async\" width=\"150\" height=\"150\" data-id=\"314\" src=\"https:\/\/www.r-fest.cz\/wp-content\/uploads\/2025\/01\/2-2-150x150.png\" alt=\"\" class=\"wp-image-314\" style=\"border-width:2px;border-radius:100px;aspect-ratio:1;object-fit:cover\" srcset=\"https:\/\/www.r-fest.cz\/wp-content\/uploads\/2025\/01\/2-2-150x150.png 150w, https:\/\/www.r-fest.cz\/wp-content\/uploads\/2025\/01\/2-2-300x300.png 300w, https:\/\/www.r-fest.cz\/wp-content\/uploads\/2025\/01\/2-2-1024x1024.png 1024w, https:\/\/www.r-fest.cz\/wp-content\/uploads\/2025\/01\/2-2-768x768.png 768w, https:\/\/www.r-fest.cz\/wp-content\/uploads\/2025\/01\/2-2-600x600.png 600w, https:\/\/www.r-fest.cz\/wp-content\/uploads\/2025\/01\/2-2-100x100.png 100w, https:\/\/www.r-fest.cz\/wp-content\/uploads\/2025\/01\/2-2.png 1080w\" sizes=\"auto, (max-width: 150px) 100vw, 150px\" \/><\/figure><\/figure>\n\n<div class=\"wp-block-group is-layout-constrained wp-block-group-is-layout-constrained\"><h4 class=\"wp-block-heading has-text-align-left has-small-font-size\">Marie <\/h4>\n\n<p class=\"has-text-align-left has-small-font-size\" style=\"margin-top:2px\"><\/p><\/div><\/div><\/div><\/div><\/div><\/div><figure class=\"wp-block-gallery alignwide has-nested-images columns-default is-cropped wp-block-gallery-10 is-layout-flex wp-block-gallery-is-layout-flex\"><figure class=\"wp-block-image size-large\"><img loading=\"lazy\" decoding=\"async\" width=\"1024\" height=\"683\" data-id=\"353\" src=\"https:\/\/www.r-fest.cz\/wp-content\/uploads\/2025\/01\/IMG_7426-1024x683.jpeg\" alt=\"\" class=\"wp-image-353\" srcset=\"https:\/\/www.r-fest.cz\/wp-content\/uploads\/2025\/01\/IMG_7426-1024x683.jpeg 1024w, https:\/\/www.r-fest.cz\/wp-content\/uploads\/2025\/01\/IMG_7426-300x200.jpeg 300w, https:\/\/www.r-fest.cz\/wp-content\/uploads\/2025\/01\/IMG_7426-768x512.jpeg 768w, https:\/\/www.r-fest.cz\/wp-content\/uploads\/2025\/01\/IMG_7426-1536x1024.jpeg 1536w, https:\/\/www.r-fest.cz\/wp-content\/uploads\/2025\/01\/IMG_7426-600x400.jpeg 600w, https:\/\/www.r-fest.cz\/wp-content\/uploads\/2025\/01\/IMG_7426.jpeg 1875w\" sizes=\"auto, (max-width: 1024px) 100vw, 1024px\" \/><\/figure>\n\n<figure class=\"wp-block-image size-large\"><img loading=\"lazy\" decoding=\"async\" width=\"1024\" height=\"683\" data-id=\"362\" src=\"https:\/\/www.r-fest.cz\/wp-content\/uploads\/2025\/01\/IMG_7446-1024x683.jpeg\" alt=\"\" class=\"wp-image-362\" srcset=\"https:\/\/www.r-fest.cz\/wp-content\/uploads\/2025\/01\/IMG_7446-1024x683.jpeg 1024w, https:\/\/www.r-fest.cz\/wp-content\/uploads\/2025\/01\/IMG_7446-300x200.jpeg 300w, https:\/\/www.r-fest.cz\/wp-content\/uploads\/2025\/01\/IMG_7446-768x512.jpeg 768w, https:\/\/www.r-fest.cz\/wp-content\/uploads\/2025\/01\/IMG_7446-1536x1024.jpeg 1536w, https:\/\/www.r-fest.cz\/wp-content\/uploads\/2025\/01\/IMG_7446-600x400.jpeg 600w, https:\/\/www.r-fest.cz\/wp-content\/uploads\/2025\/01\/IMG_7446.jpeg 1875w\" sizes=\"auto, (max-width: 1024px) 100vw, 1024px\" \/><\/figure><\/figure><div style=\"height:29px\" aria-hidden=\"true\" class=\"wp-block-spacer\"><\/div><div class=\"wp-block-group alignfull has-background-background-color has-background is-layout-constrained wp-container-core-group-is-layout-87e8d59c wp-block-group-is-layout-constrained\" style=\"margin-top:0;margin-bottom:0;padding-top:var(--wp--preset--spacing--40);padding-right:var(--wp--preset--spacing--30);padding-bottom:var(--wp--preset--spacing--40);padding-left:var(--wp--preset--spacing--30)\"><div class=\"wp-block-group is-layout-constrained wp-block-group-is-layout-constrained\"><h2 class=\"wp-block-heading has-text-align-center has-large-font-size\">Pot\u0159ebujete toho v\u011bd\u011bt v\u00edc?<\/h2>\n\n<p class=\"has-text-align-center\" style=\"margin-top:16px\">Tak to poj\u010fte po\u0159\u00e1dn\u011b prozkoumat! <\/p>\n\n<div class=\"wp-block-buttons is-content-justification-center is-layout-flex wp-container-core-buttons-is-layout-720bcce9 wp-block-buttons-is-layout-flex\"><div class=\"wp-block-button\"><a class=\"wp-block-button__link wp-element-button\" href=\"https:\/\/www.r-fest.cz\/index.php\/fotogalerie\/\">Jak \u0161el \u010das<\/a><\/div>\n\n<div class=\"wp-block-button\"><a class=\"wp-block-button__link wp-element-button\" href=\"https:\/\/www.r-fest.cz\/index.php\/program\/\">Program<\/a><\/div><\/div><\/div>\n\n<div style=\"height:80px\" aria-hidden=\"true\" class=\"wp-block-spacer\"><\/div>\n\n<div style=\"aspect-ratio:16\/9;min-height:unset;\" class=\"wp-block-cover alignwide has-aspect-ratio\"><span aria-hidden=\"true\" class=\"wp-block-cover__background has-background-dim-0 has-background-dim\" style=\"background-color:#7d5441\"><\/span><img loading=\"lazy\" decoding=\"async\" width=\"1248\" height=\"1248\" class=\"wp-block-cover__image-background wp-image-346\" alt=\"\" src=\"https:\/\/www.r-fest.cz\/wp-content\/uploads\/2025\/01\/IMG_7434.jpeg\" data-object-fit=\"cover\" srcset=\"https:\/\/www.r-fest.cz\/wp-content\/uploads\/2025\/01\/IMG_7434.jpeg 1248w, https:\/\/www.r-fest.cz\/wp-content\/uploads\/2025\/01\/IMG_7434-300x300.jpeg 300w, https:\/\/www.r-fest.cz\/wp-content\/uploads\/2025\/01\/IMG_7434-1024x1024.jpeg 1024w, https:\/\/www.r-fest.cz\/wp-content\/uploads\/2025\/01\/IMG_7434-150x150.jpeg 150w, https:\/\/www.r-fest.cz\/wp-content\/uploads\/2025\/01\/IMG_7434-768x768.jpeg 768w, https:\/\/www.r-fest.cz\/wp-content\/uploads\/2025\/01\/IMG_7434-600x600.jpeg 600w, https:\/\/www.r-fest.cz\/wp-content\/uploads\/2025\/01\/IMG_7434-100x100.jpeg 100w\" sizes=\"auto, (max-width: 1248px) 100vw, 1248px\" \/><div class=\"wp-block-cover__inner-container is-layout-constrained wp-block-cover-is-layout-constrained\"><div style=\"height:360px\" aria-hidden=\"true\" class=\"wp-block-spacer\"><\/div><\/div><\/div><\/div>","protected":false},"excerpt":{"rendered":"<p>Nejsme jen dal\u0161\u00ed v nekone\u010dn\u00e9 \u0159ad\u011b festival\u016f! Deset \u00fasp\u011b\u0161n\u00fdch ro\u010dn\u00edk\u016f happeningu dokazuje, \u017ee tahle akce je n\u011bco v\u00edc, ne\u017e jen oby\u010dejn\u00e9 setk\u00e1n\u00ed u hudebn\u00edho programu. Rodiny s d\u011btmi Na tuhle akci nemus\u00edte \u0159e\u0161it hl\u00edd\u00e1n\u00ed. Bezpe\u010dn\u00e9 prost\u0159ed\u00ed, mal\u00fd are\u00e1l, spousta p\u0159irozen\u00e9ho vy\u017eit\u00ed pro nejmen\u0161\u00ed v p\u0159ilehl\u00e9m lese nebo u pozorov\u00e1n\u00ed hospod\u00e1\u0159sk\u00fdch zv\u00ed\u0159at a bohat\u00fd d\u011btsk\u00fd program. [&hellip;]<\/p>\n","protected":false},"author":2,"featured_media":0,"parent":0,"menu_order":0,"comment_status":"closed","ping_status":"closed","template":"blank","meta":{"footnotes":""},"class_list":["post-27","page","type-page","status-publish","hentry"],"_links":{"self":[{"href":"https:\/\/www.r-fest.cz\/index.php\/wp-json\/wp\/v2\/pages\/27","targetHints":{"allow":["GET"]}}],"collection":[{"href":"https:\/\/www.r-fest.cz\/index.php\/wp-json\/wp\/v2\/pages"}],"about":[{"href":"https:\/\/www.r-fest.cz\/index.php\/wp-json\/wp\/v2\/types\/page"}],"author":[{"embeddable":true,"href":"https:\/\/www.r-fest.cz\/index.php\/wp-json\/wp\/v2\/users\/2"}],"replies":[{"embeddable":true,"href":"https:\/\/www.r-fest.cz\/index.php\/wp-json\/wp\/v2\/comments?post=27"}],"version-history":[{"count":81,"href":"https:\/\/www.r-fest.cz\/index.php\/wp-json\/wp\/v2\/pages\/27\/revisions"}],"predecessor-version":[{"id":534,"href":"https:\/\/www.r-fest.cz\/index.php\/wp-json\/wp\/v2\/pages\/27\/revisions\/534"}],"wp:attachment":[{"href":"https:\/\/www.r-fest.cz\/index.php\/wp-json\/wp\/v2\/media?parent=27"}],"curies":[{"name":"wp","href":"https:\/\/api.w.org\/{rel}","templated":true}]}}